{"id":1614,"date":"2019-09-09T15:37:11","date_gmt":"2019-09-09T13:37:11","guid":{"rendered":"https:\/\/ottodrakenberg.se\/press-clippings-and-links\/"},"modified":"2024-11-01T19:44:30","modified_gmt":"2024-11-01T18:44:30","slug":"press-clippings-and-links","status":"publish","type":"page","link":"https:\/\/ottodrakenberg.se\/en\/press-clippings-and-links\/","title":{"rendered":"Press clippings and links"},"content":{"rendered":"&#13;\n<p><a href=\"https:\/\/www.dn.se\/sport\/otto-drakenberg-nagon-maste-ta-striden\/\">Otto Drakenberg: &#8220;Someone has to take the fight&#8221;<\/a><br\/><em>Today&#8217;s News<\/em> (2024-10-31)<\/p>&#13;\n<p><a href=\"https:\/\/www.dn.se\/sport\/drakenberg-utmanar-oligarken-om-ordforandeposten\/\">Drakenberg challenges the oligarch for the chairmanship<\/a><br\/><em>Today&#8217;s News<\/em> (2024-10-30)<\/p>&#13;\n<p><a href=\"https:\/\/www.reuters.com\/sports\/russian-oligarch-usmanov-nominated-return-fie-presidency-2024-10-29\/\">Russian oligarch Usmanov nominated for return to FIE presidency<\/a><br\/><em>Reuters<\/em> (2024-10-29)<\/p>&#13;\n<p><a href=\"https:\/\/www.dn.se\/sport\/regelandring-kan-ge-fler-svenska-os-faktare-i-los-angeles\/\">Rule change could bring more Swedish Olympic fencers in Los Angeles<\/a><br\/><em>Today&#8217;s News<\/em> (2024-02-09)<\/p>&#13;\n<p><a href=\"https:\/\/www.dn.se\/sport\/fallet-drakenberg-anmals-till-iok\/\">&#8220;The Drakenberg case is reported to the IOC: &#8216;Professional cover-up'&#8221;<\/a><br\/><em>Today&#8217;s News<\/em> (2023-09-19)<\/p>&#13;\n<p><a href=\"https:\/\/open.spotify.com\/episode\/3EvJ1V2WS5597jzdScGvU8?si=bFTZcgM1SD2B7fKB3sx_3A&amp;nd=1\">&#8220;#49. Your Voice &#8211; Otto Drakenberg&#8221;<\/a><br\/><em>Sanna Martin, Acast<\/em> (2023-05-28)<\/p>&#13;\n<p><a href=\"https:\/\/www.dn.se\/sport\/johan-esk-faktbasen-otto-drakenbergs-stot-var-fel-men-viktig\/\">Johan Esk: Fencing baseman Otto Drakenberg&#8217;s jab was wrong but important<\/a><br\/><em>Today&#8217;s News<\/em> (2023-05-07)<\/p>&#13;\n<p><a href=\"https:\/\/www.svd.se\/a\/4oxMzo\/anders-lindblad-skrota-os-planerna-om-ryssar-slapps-in\">Anders Lindblad: Scrap the Olympic plans if Russians are allowed in<\/a><br\/><em>Swedish Daily<\/em> (2023-04-02)<\/p>&#13;\n<p><a href=\"https:\/\/sverigesradio.se\/artikel\/faktbasen-drakenberg-om-idrott-och-demokrati-det-maste-bli-obekvamt-att-vara-tyst\">Fencing base Drakenberg on sports and democracy: &#8220;It must be uncomfortable to be silent&#8221;<\/a><br\/><em>Sweden&#8217;s Radio P1<\/em> (2023-04-01)<\/p>&#13;\n<p><a href=\"https:\/\/vimeo.com\/806817497\/7aea7875f4\">Otto Drakenberg&#8217;s speech to the International Fencing Federation&#8217;s extraordinary congress regarding the decision to allow Russian and Belarusian fencers in the World Cup and Olympics in 2024<\/a><br\/><em>Swedish Fencing<\/em> (2023-03-10)<\/p>&#13;\n<p><a href=\"https:\/\/sverigesradio.se\/artikel\/ryska-och-belarusiska-faktare-valkomnas-igen-otto-drakenberg-djupt-beklagligt\">Russian and Belarusian fencers are welcomed again &#8211; Drakenberg: &#8220;Unacceptable&#8221;<\/a><br\/><em>Swedish Radio<\/em> (2023-03-11)<\/p>&#13;\n<p><a href=\"https:\/\/www.dn.se\/sport\/som-att-lata-ryssar-utreda-ryska-krigsbrott\/\">On the IOC&#8217;s no: &#8220;Like letting Russians investigate Russian war crimes&#8221;<\/a><br\/><em>Today&#8217;s News<\/em> (2023-03-09)<\/p>&#13;\n<p><a href=\"https:\/\/www.dn.se\/sport\/en-dag-kommer-det-bli-otrevligt-att-vara-tyst\/\">Otto Drakenberg: &#8220;One day it will be unpleasant to be silent&#8221;<\/a><br\/><em>Today&#8217;s News<\/em> (2023-02-26)<\/p>&#13;\n<p><a href=\"https:\/\/www.svd.se\/a\/zE6815\/anders-lindblad-etik-och-moral-avgor-svenska-os-fragan\">Anders Lindblad: Ethics and morality will be decisive in the Olympic issue<\/a><br\/><em>Swedish Daily<\/em> (2023-02-12)<\/p>&#13;\n<p><a href=\"https:\/\/ottodrakenberg.se\/wp-content\/uploads\/2023\/02\/Bojkotta-OS-2024-om-ryska-idrottare-far-delta-_-Patrik-Oksanen-_-SvD-Ledare.pdf\">Patrik Oksanen: Boycott the 2024 Olympics if Russian athletes are allowed to participate<\/a><br\/><em>Swedish Daily<\/em> (2023-02-09)<\/p>&#13;\n<p><a href=\"https:\/\/ottodrakenberg.se\/wp-content\/uploads\/2023\/02\/Revansch-for-Qvibergs-kycklingbolag-%E2%80%93-aktien-stiger-kraftigt-pa-rapport.pdf\">Revenge for Qviberg&#8217;s chicken company &#8211; the share rises strongly on report<\/a><br\/><em>Today&#8217;s Industry<\/em> (2023-02-09)<\/p>&#13;\n<p><a href=\"https:\/\/www.tv4.se\/klipp\/va\/20443251\/chockartat-drakenberg-tystades-pa-faktkongress\">&#8220;Shocked&#8221; \u2013 Drakenberg was silenced at the fencing congress<\/a><br\/><em>Tv4News Morning studio<\/em> (2023-02-08)<\/p>&#13;\n<p><a href=\"https:\/\/headtopics.com\/sg\/fencing-shouted-down-swedes-report-world-fencing-federation-to-ioc-over-ethics-breaches-35084990\">&#8220;Fencing-Shouted-down Swedes report world fencing federation to IOC over &#8216;ethics breaches'&#8221;<\/a><br\/><em>Head Topics Singapore via Reuters<\/em> (2023-02-07)<\/p>&#13;\n<p><a href=\"https:\/\/idrottensaffarer.se\/kronikor\/2023\/02\/nu-far-thomas-bach-bekanna-farg\">\u00c5ke Stolt: Now the IOC president has to confess<\/a><br\/><em>Sports Affairs<\/em> (2023-02-07)<\/p>&#13;\n<p><a href=\"https:\/\/sverigesradio.se\/artikel\/otto-drakenberg-valdigt-manga-skrams-till-tystnad\">Otto Drakenberg: &#8220;Many people are intimidated into silence&#8221;<\/a><br\/><em>Sveries Radio Radiosporten<\/em> (2023-02-07)<\/p>&#13;\n<p><a href=\"https:\/\/www.svd.se\/a\/zE8dA5\/rakryggad-drakenberg-borde-bli-sok-ordforande\">Anders Lindblad: Really pissed off &#8211; should be SOK chairman<\/a><br\/><span style=\"font-size: 1rem;\"><em>Swedish Daily<\/em> (2023-02-06)<\/span><\/p>&#13;\n<p><a href=\"https:\/\/www.svt.se\/sport\/idrottspolitik\/otto-drakenberg-stottas-av-norska-forbundet-efter-talet-om-hbtq-rattigheter\">Otto Drakenberg st\u00f6ttas av norska f\u00f6rbundet efter talet om HBTQ-r\u00e4ttigheter<\/a><br\/><em>SVT Sport<\/em> (2023-02-06)<\/p>&#13;\n<p><a href=\"https:\/\/www.dn.se\/sport\/sverige-fortsatter-att-stota-sig-med-sanktionerad-faktarbas\/\">Sweden continues to struggle with a suspended fencer base<\/a><br\/><em>Today&#8217;s News<\/em> (2023-02-06)<\/p>&#13;\n<p><a href=\"https:\/\/www.dn.se\/sport\/forsoket-att-tysta-faktbasen-anmals-till-iok\/\">The attempt to silence the fencing base is reported to the IOC<\/a><br\/><em>Today&#8217;s News<\/em> (2023-02-06)<\/p>&#13;\n<p><a href=\"https:\/\/news.cision.com\/se\/kfum-sverige\/r\/flera-borde-agera-som-otto-drakenberg,c3709567\">Several should act like Otto Drakenberg<\/a><br\/><em>YMCA Sweden via Cision News<\/em> (2023-02-06)<\/p>&#13;\n<p><a href=\"https:\/\/www.tv4.se\/klipp\/va\/20441876\/faktordforande-efter-tystandet-i-kongressen-forjavligt\">Feckin&#8217; chair after the silence in Congress: &#8220;Damn&#8221;<\/a><br\/>Tv4 News After Five (2023-02-05)<\/p>&#13;\n<p><a href=\"https:\/\/www.dn.se\/sport\/sok-chefen-vet-hur-det-ar-att-bli-tystad\/\">The SOK manager knows what it&#8217;s like to be silenced<\/a><br\/><em>Today&#8217;s News<\/em> (2023-02-04)<\/p>&#13;\n<p><a href=\"https:\/\/www.dn.se\/sport\/stallde-hbtq-fragor-tystades-av-faktarnas-kongress\/\">Asked LGBTQ questions &#8211; silenced by the Fencing Congress<\/a><br\/><em>Today&#8217;s News<\/em> (2023-02-03)<\/p>&#13;\n<p><a href=\"https:\/\/ottodrakenberg.se\/wp-content\/uploads\/2023\/01\/Hojt-bud-pa-Rolling-Optics-%E2%80%93-men-storagaren-nobbar.pdf\">Raised bid for Rolling Optics &#8211; but the major owner balks<\/a><br\/><em>Today&#8217;s Industry<\/em> (2023-01-23)<br\/><br\/><a href=\"https:\/\/ottodrakenberg.se\/wp-content\/uploads\/2023\/01\/AfV_2023-01-17_Rolling-Optics-Rekordhog-premie.pdf\">Rolling Optics: Record high premium<\/a><br\/><em>The business world<\/em> (2023-01-16)<br\/><br\/><a href=\"https:\/\/ottodrakenberg.se\/wp-content\/uploads\/2023\/01\/Franskt-bolag-lagger-bud-pa-Rolling-Optics-%E2%80%93-premie-pa-188-procent.pdf\">French company bids for Rolling Optics &#8211; premium of 188 percent<\/a><br\/><em>Today&#8217;s Industry<\/em> (2023-01-16)<br\/><br\/><a href=\"https:\/\/ottodrakenberg.se\/wp-content\/uploads\/2023\/01\/Budrusarens-vd_-Fler-aktorer-har-visat-intresse.pdf\">Budrusaren&#8217;s CEO: More players have shown interest<\/a><br\/><em>Today&#8217;s Industry<\/em> (2023-01-16)<\/p>&#13;\n<p><a href=\"https:\/\/ottodrakenberg.se\/wp-content\/uploads\/2022\/07\/Otto_Drakenberg_DI-artikel.pdf\">First North company appoints &#8220;crisis CEO&#8221; Otto Drakenberg as new manager<\/a><br\/><em>Today&#8217;s industry (2022-07-07)<\/em><\/p>&#13;\n<p><a href=\"https:\/\/www.aftonbladet.se\/debatt\/a\/PoQmle\/faktforbundet-varfor-utesluts-inte-ryska-idrottspampar\">The Fencing Federation: Why are Russian sports fans not excluded?<\/a><br\/><em>Aftonbladet (2022-06-07)<\/em><\/p>&#13;\n<p><a href=\"https:\/\/ottodrakenberg.se\/wp-content\/uploads\/2022\/04\/Battre-Standard.pdf\">Better Standard?<\/a><br\/><em>The business world (2022-03-26)<\/em><\/p>&#13;\n<p><a href=\"https:\/\/www.swedbank-aktiellt.se\/analyser\/2022\/02\/14\/scandi_standard.csp\">Price increases are on the way<\/a><br\/><em>Swedbank (2022-02-14)<\/em><\/p>&#13;\n<p><a href=\"https:\/\/www.realtid.se\/telegram\/scandi-standard-forvantar-sig-en-gradvis-resultatforbattring-under-2022-uppdatering\">Scandi Standard expects a gradual improvement in earnings in 2022<\/a><br\/><em>Real time (2022-02-11)<\/em><\/p>&#13;\n<p><a href=\"https:\/\/www.privataaffarer.se\/scandi-standard-spar-battre-tider\/\">Scandi Standard tracks better times<\/a><br\/><em>Private Affairs (2022-02-11)<\/em><\/p>&#13;\n<p><a href=\"https:\/\/www.di.se\/live\/krisbolaget-scandi-standard-sparkar-kronfagels-vd\/\">Crisis company Scandi Standard fires Kronf\u00e5gel&#8217;s CEO<\/a><br\/><em>Today&#8217;s industry (2022-01-12)<\/em><\/p>&#13;\n<p><a href=\"https:\/\/www.svd.se\/bors\/news_detail.php?newsid=443e6db2-0272-4f70-8f0a-e155ea37506e\">Scandi Standard: fires Kronf\u00e5gel&#8217;s CEO<\/a><br\/><em>SvD Business (2022-01-12)<\/em><\/p>&#13;\n<p><a href=\"https:\/\/www.avanza.se\/placera\/telegram\/2022\/01\/12\/scandi-standard-sparkar-kronfagels-vd-r.html\">Scandi Standard sparkar Kronf\u00e5gels vd<\/a><br\/><em>Avanza (2022-01-12)<\/em><\/p>&#13;\n<p><a href=\"https:\/\/www.privataaffarer.se\/scandi-standards-vd-far-ga-pa-dagen\/\">Scandi Standard&#8217;s CEO gets to retire<\/a><br\/><em>Private Affairs (2022-01-12)<\/em><\/p>&#13;\n<p><a href=\"https:\/\/www.di.se\/bors\/telegram\/443e6db2-0272-4f70-8f0a-e155ea37506e\/\">Scandi Standard: fires Kronf\u00e5gel&#8217;s CEO<\/a><em><br\/>Today&#8217;s industry (2022-01-12)<\/em><\/p>&#13;\n<p><a href=\"https:\/\/www.svt.se\/nyheter\/lokalt\/sormland\/kronfagels-vd-far-sparken\">Kronf\u00e5gel&#8217;s CEO gets fired<\/a><br\/><em>SVT News (2022-01-12)<\/em><\/p>&#13;\n<p><a href=\"https:\/\/www.dn.se\/ekonomi\/kronfagels-vd-far-sparken\/\">Kronf\u00e5gel&#8217;s CEO gets fired<\/a><br\/><em>Today&#8217;s News (2022-01-12)<\/em><\/p>&#13;\n<p><a href=\"https:\/\/www.expressen.se\/dinapengar\/kronfagels-vd-far-sparken\/\">Kronf\u00e5gel&#8217;s CEO is fired after an earlier slaughter scandal<\/a><br\/><em>The Express (2022-01-12)<\/em><\/p>&#13;\n<p><a href=\"https:\/\/www.foodmonitor.se\/index.php\/8184-skandalslakteriet-kronfagels-vd-byts-ut\">Scandalslaughteriet Kronf\u00e5gel&#8217;s CEO is being replaced<\/a><br\/><em>Food Monitor (2022-01-12)<\/em><\/p>&#13;\n<p><a href=\"https:\/\/www.dagensnaringsliv.se\/20220112\/220634\/kronfagels-vd-far-sparken\">Kronf\u00e5gel&#8217;s CEO gets fired<\/a><br\/><em>Today&#8217;s Business (2022-01-12)<\/em><\/p>&#13;\n<p><a href=\"https:\/\/www.insidethegames.biz\/articles\/1115996\/usmanov-to-be-reelected-fie-president\">FIE President Usmanov set for re-election as Sweden alleges statutes breach<\/a><br\/><em>Inside the games (2021-11-26)<\/em><\/p>&#13;\n<p><a href=\"https:\/\/www.infobae.com\/aroundtherings\/articles\/2021\/11\/25\/swedish-fencing-federation-accuses-the-fie-of-breaking-good-governance-principles\/\">Swedish Fencing Federation accuses the FIE of breaking good governance principles<\/a><br\/><em>Around the rings (2021-11-25)<\/em><\/p>&#13;\n<p><a href=\"https:\/\/ottodrakenberg.se\/wp-content\/uploads\/2021\/11\/Dagens-industri-13-november-2021-utvalda-sidor-1.pdf\">The chicken giant&#8217;s crisis is growing<\/a><br\/><em>Today&#8217;s industry (2021-11-13)<\/em><\/p>&#13;\n<p><a href=\"https:\/\/ottodrakenberg.se\/wp-content\/uploads\/2021\/09\/Chefen-pa%CC%8A-Scandi-Standard_-Inte-blivit-tillra%CC%88ckligt-ra%CC%88tt.pdf\">The Scandi Standard manager&#8217;s criticism of the previous management: &#8220;Didn&#8217;t get it right enough&#8221;<\/a><br\/><em>Today&#8217;s industry (2021-08-25)<\/em><\/p>&#13;\n<p><a href=\"https:\/\/www.privataaffarer.se\/drakenberg-tf-vd-for-scandi-standard\/\">Drakenberg acting CEO of Scandi Standard<\/a><br\/><em>Private business, (2021-06-03)<\/em><br\/><br\/><a href=\"https:\/\/sverigesradio.se\/artikel\/motion-om-forandring-av-riksidrottsforbundet\">The Swedish Sports Confederation&#8217;s power and influence are criticized<\/a><br\/><em>Swedish Radio, (2021-05-26)<\/em> <\/p>&#13;\n<p><a href=\"https:\/\/www.svt.se\/sport\/riksidrottsforbundet\/rekordmanga-nya-forslag-infor-riksidrottsmotet\">Criticism of the RF&#8217;s dual roles: &#8220;It&#8217;s baroque after all&#8221;<\/a><br\/><em>SVT News, (2021-05-25)<\/em> <\/p>&#13;\n<p><a href=\"https:\/\/ottodrakenberg.files.wordpress.com\/2021\/03\/momentgroup-sacc88rtryck.pdf\">Moment Group is being equipped to deliver profitable growth and world-class experiences after the pandemic<\/a><br\/><em>Sundstr\u00f6m Media (vol. 1 2021)<\/em><\/p>&#13;\n<p><a href=\"https:\/\/news.cision.com\/se\/moment-group-ab\/r\/martin-du-hane-har-utsetts-till-ny-tf-vd-och-koncernchef-for-moment-group,c3311381\">Martin du Hane has been appointed as the new acting CEO and CEO of Moment Group<\/a><br\/><em>Moment Group (2021-03-22)<\/em><\/p>&#13;\n<p><a href=\"https:\/\/app.red.bbmbonnier.se\/e\/es?s=355424421&amp;e=1420780&amp;elqTrackId=aab2e8d998ac428ab064b29999b8fa67&amp;elq=230fba2d45f54787bfc6993abe075d18&amp;elqaid=39285&amp;elqat=1\">B\u00f6rskoll: Friday party at the Stockholm Stock Exchange<\/a><br\/><em>Today&#8217;s Industry (2021-02-21)<\/em><\/p>&#13;\n&#13;\n<p><a href=\"https:\/\/bulletin.nu\/moment-groups-vd-otto-drakenberg-for-lite-och-for-sent\">Moment Group&#8217;s Otto Drakenberg: &#8220;Too little and too late&#8221;<\/a><br\/><em>Bulletin (2021-01-08)<\/em><\/p>&#13;\n&#13;\n<p><a href=\"https:\/\/www.svt.se\/kultur\/nojeskoncernen-moment-group-raddas-fran-konkurs\">The entertainment group Moment group is saved from bankruptcy<\/a><br\/><em>SVT News (2020-11-30)<\/em><\/p>&#13;\n&#13;\n<p><a href=\"https:\/\/www.privataaffarer.se\/rusning-i-moment-group-efter-havt-handelsstopp\/\">Rush in Moment Group after trading halt lifted<\/a><br\/><em>Private business (2020-11-30)<\/em><\/p>&#13;\n&#13;\n<p><a href=\"https:\/\/ottodrakenberg.se\/wp-content\/uploads\/2021\/02\/lacc8angivare-racc88ddar-nocc88jesjacc88tten-moment-group-undan-konkurs-_-gp.pdf\">Lenders save entertainment giant Moment Group from bankruptcy<\/a><br\/><em>Gothenburg Post (2020-11-27)<\/em><\/p>&#13;\n&#13;\n<p><a href=\"https:\/\/www.momentgroup.com\/content\/uploads\/2020\/11\/2020-11-27-moment-group-sakrar-fortsatt-drift-genom-att-tillfora-rorelsekapital-och-losa-bolagets-langsiktiga-finansiering.pdf\">Moment Group secures continued operations by adding working capital and solving the company&#8217;s long-term financing<\/a><br\/><em>Press release, Moment Group (11\/27\/2020)<\/em><\/p>&#13;\n&#13;\n<p><a href=\"https:\/\/www.svt.se\/kultur\/stor-nojeskoncern-hotas-av-konkurs-efter-nya-restriktioner\">The large entertainment group is threatened with bankruptcy after new restrictions<\/a><br\/><em>SVT News (2020-11-19)<\/em><\/p>&#13;\n&#13;\n<p><a href=\"https:\/\/www.di.se\/live\/moment-group-hotas-av-rekonstruktion-inom-en-vecka\/\">Moment Group is threatened with restructuring within a week<\/a><br\/><em>Today&#8217;s Industry (2020-11-13)<\/em><\/p>&#13;\n&#13;\n<p><a href=\"https:\/\/www.svd.se\/bors\/news_detail.php?newsid=c2d5271e-6af1-4d49-8143-38bcab2da999\">Moment Group: Working on financing, risk of bankruptcy<\/a><br\/><em>SvD Business (2020-11-13)<\/em><br\/><br\/><a href=\"https:\/\/ottodrakenberg.se\/wp-content\/uploads\/2020\/11\/nocc88jesbolaget-moment-group-i-akut-kris_-en-skitsituation-dn.se_.pdf\">Large entertainment company in acute crisis: It&#8217;s a crap situation<\/a><br\/><em>Today&#8217;s News (2020-10-16)<\/em><\/p>&#13;\n&#13;\n<p><a href=\"https:\/\/www.tv4play.se\/program\/nyheterna\/13297692\">Bankruptcy threatens big theaters<\/a><br\/><em>TV4 News (10\/16\/2020)<\/em><\/p>&#13;\n&#13;\n<p><a href=\"https:\/\/ottodrakenberg.se\/wp-content\/uploads\/2021\/02\/Va%CC%88stsvenska-no%CC%88jesja%CC%88tten-2Entertain-i-akut-kris-_-GP.pdf\">West Swedish news giant 2Entertain in acute crisis<\/a><br\/><em>Gothenburg Post (2020-10-07)<\/em><\/p>&#13;\n&#13;\n<p><a href=\"https:\/\/www.momentgroup.com\/nyheter\/oppet-brev-no-2-upplevelsebranschen-narmar-sig-med-stormsteg-en-total-kollaps-regeringen-maste-ga-fran-ord-till-handling-nu\/\">Open letter no. 2: The experience industry is fast approaching a total collapse, the government must move from words to action &#8211; Now!<\/a><br\/><em>Press release, Moment Group (2020-09-21)<\/em><\/p>&#13;\n&#13;\n<p><a href=\"https:\/\/ottodrakenberg.se\/wp-content\/uploads\/2020\/11\/2entertain-riskerar-kollaps-om-inte-stocc88dpaket-kommer-hn.pdf\">Acute! With a capital A and an exclamation point in the experience industry   <\/a><br\/><em>Halland&#8217;s News (2020-09-21)<\/em><\/p>&#13;\n&#13;\n<p><a href=\"https:\/\/www.tv4play.se\/program\/nyhetsmorgon\/13288611?fbclid=IwAR2iydT5b6-ks1d_xGurVJJq4PJXeQAWvRKFogIhWrQBPstGARux8i43viw\">Criticism of the new 500 rule: &#8220;We can take our own responsibility&#8221;<\/a><br\/><em>TV4 News Morning (2020-08-28)<\/em><\/p>&#13;\n&#13;\n<p><a href=\"https:\/\/ottodrakenberg.se\/wp-content\/uploads\/2020\/11\/underhacc8allningsbolaget-rusar-efter-regeringens-nya-publikbesked.pdf\">The entertainment company rushes after the government&#8217;s new public notification<\/a><br\/><em>Today&#8217;s Industry (2020-08-21)<\/em><\/p>&#13;\n&#13;\n<p><a href=\"https:\/\/ottodrakenberg.se\/wp-content\/uploads\/2020\/11\/occ88ppet-brev-till-regeringen-den-19-aug-2020.pdf\">Open letter to the government: Have you left us in the lurch?<\/a><br\/><em>Press release, Moment Group (2020-08-20)<\/em><\/p>&#13;\n&#13;\n<p><a href=\"https:\/\/ottodrakenberg.se\/wp-content\/uploads\/2020\/11\/nocc88jesbolagets-vd-till-regeringen-nacc88rmar-oss-med-stormsteg-en-total-kollaps.pdf\">The entertainment company&#8217;s CEO to the government: &#8220;We are fast approaching a total collapse&#8221;<\/a><br\/><em>Today&#8217;s Industry (2020-08-20)<\/em><\/p>&#13;\n&#13;\n<p><a href=\"https:\/\/www.gp.se\/kultur\/kultur\/n%C3%B6jesj%C3%A4tten-i-%C3%B6ppet-brev-till-regeringen-har-ni-l%C3%A4mnat-oss-i-sticket-1.32760557\">The entertainment giant in an open letter to the government: Have you left us in the lurch?<\/a><br\/><em>Gothenburg Post (2020-08-19)<\/em><\/p>&#13;\n&#13;\n<p><a href=\"https:\/\/www.expressen.se\/noje\/nojesbranschen-kraver-svar-fran-regeringen-det-ar-oerhort-kritiskt\/\">The entertainment industry demands answers from the government: &#8220;It is extremely critical&#8221;<\/a><br\/><em>The Express (2020-07-17)<\/em><\/p>&#13;\n<p><a href=\"https:\/\/www.momentgroup.com\/nyheter\/otto-drakenberg-ny-tf-vd-koncernchef-for-moment-group\/\" target=\"_blank\" rel=\"noopener\">Otto Drakenberg new acting CEO\/CEO of Moment Group<\/a><br \/><em>Moment Group (2020-03-25)<\/em><\/p>\n<p><a href=\"https:\/\/www.habit.se\/article\/view\/700074\/twilfit_om_nya_agaren_forstar_var_nisch\" target=\"_blank\" rel=\"noopener\">Twilfit about the new owner: &#8220;Understands our niche&#8221;<\/a><br \/><em>Habit (2020-02-13)<\/em><\/p>\n<p><a title=\"Safari - Feb 14, 2020 3:32 pm\" href=\"https:\/\/ottodrakenberg.se\/wp-content\/uploads\/2020\/02\/safari-14-feb.-2020-1532.pdf\" target=\"_blank\" rel=\"noopener\">That&#8217;s why Twilfit gets a new owner: &#8220;Best that could happen&#8221;<\/a><br \/><em>Market (2020-02-12)<\/em><\/p>\n<p><a href=\"https:\/\/www.ehandel.se\/de-tar-over-modekedjan-efter-rekonstruktionen-nytt-hem\" target=\"_blank\" rel=\"noopener\">They take over the fashion chain after the reconstruction: &#8220;New home&#8221;<\/a><br \/><em>E-commerce (2020-02-12)<\/em><\/p>\n<p><a href=\"https:\/\/www.dagenshandel.se\/article\/view\/699885\/twilfit_uppkopt_rekonstruktion_avslutas_i_var\" target=\"_blank\" rel=\"noopener\">Twilfit acquired &#8211; reconstruction ends this spring<\/a><br \/><em>Today&#8217;s Trade<\/em> <em>(2020-02-12)<\/em><\/p>\n<p><a href=\"https:\/\/news.cision.com\/se\/twilfit\/r\/change-of-scandinavia-blir-ny-agare-till-twilfit-som-en-del-av-pagaende-rekonstruktion,c3032975\">Change of Scandinavia becomes the new owner of Twilfit as part of ongoing reconstruction<\/a><br \/><em>Cision News (2020-02-11)<\/em><\/p>\n<p><a href=\"https:\/\/www.breakit.se\/artikel\/23647\/change-of-scandinavia-tar-over-twilfit\" target=\"_blank\" rel=\"noopener\">Change of Scandinavia takes over Twilfit<\/a><br \/><em>Breakit (2020-02-11)<\/em><\/p>\n<p><a hands to the href=\"https:\/\/ottodrakenberg.se\/wp-content\/uploads\/2019\/10\/sacc8a-ska-otto-drakenberg-vacc88nda-twilfit-e2809dalle-man-till-pumparnae2809d-market.pdf\" target=\"_blank\" rel=\"noopener\">That&#8217;s how Otto Drakenberg will turn Twilfit<\/a><br \/><em>Market (2019-10-21)<\/em><\/p>\n<p><a title=\"Svegro now also invests in processing _ ATL\" href=\"https:\/\/ottodrakenberg.se\/wp-content\/uploads\/2019\/10\/svegro-satsar-nu-acc88ven-pacc8a-focc88racc88dling-_-atl.pdf\" target=\"_blank\" rel=\"noopener\">Svegro is now also investing in processing<\/a><br \/><em>Lantbrukets business newspaper (2019-09-13)<\/em><\/p>\n<p><a title=\"Finansavise Norway September 12, 2015 change of CEO\" href=\"https:\/\/ottodrakenberg.se\/wp-content\/uploads\/2019\/10\/finansavise-norge-12-september-2015-byte-konsernsjef.pdf\" target=\"_blank\" rel=\"noopener\">Otto Drakenberg&#8217;s handover to the new Group CEO at Arcus Group<\/a><br \/><em>Norska Finansavisen (2015-09-12)<\/em><\/p>\n<p><a href=\"https:\/\/www.ksss.se\/Nyheter\/Nyheter\/2015\/Anahita-basta-svensk-i-Fastnet-Race\/\" target=\"_blank\" rel=\"noopener\">Otto Drakenberg in third place in the Fastnet Race<\/a><br \/><em>Royal Swedish Sailing Society (2015-08-21)<\/em><\/p>\n<p><a title=\"Finansavisen Norway May 20, 2015 byte kosernsjef\" href=\"https:\/\/ottodrakenberg.se\/wp-content\/uploads\/2019\/10\/finansavisen-norge-20-maj-2015-byte-kosernsjef.pdf\" target=\"_blank\" rel=\"noopener\">About Otto Drakenberg&#8217;s performance as Group CEO at Arcus Group<\/a><br \/><em>Norska Finansavisen (2015-05-20)<\/em><\/p>\n<p><a href=\"https:\/\/www.avanza.se\/placera\/telegram\/2015\/05\/19\/ratos-arcus-vd-slutar-av-familjeskal-arcus-vd.html\" target=\"_blank\" rel=\"noopener\">Otto Drakenberg&#8217;s resignation from Arcus-Gruppen as CEO<\/a><br \/><em>Avanza (2015-05-19)<\/em><\/p>\n<p><a href=\"http:\/\/www.mynewsdesk.com\/se\/arcus\/pressreleases\/sextonde-aaret-i-rad-med-omsaettningstillvaext-1153732\" target=\"_blank\" rel=\"noopener\">Sixteenth year in a row of revenue growth for the Arcus Group<\/a><br \/><em>Press release (2015-05-05)<\/em><\/p>\n<p><a title=\"Financial News Norway March 7, 2015\" href=\"https:\/\/ottodrakenberg.se\/wp-content\/uploads\/2019\/10\/finansavisen-norge-7-mars-2015.pdf\" target=\"_blank\" rel=\"noopener\">About the Arcus Group&#8217;s results in 2013-2014<\/a><br \/><em>Norska Finansavisen (2015-03-07)<\/em><\/p>\n<p><a title=\"Financial News Norway February 9, 2015\" href=\"https:\/\/ottodrakenberg.se\/wp-content\/uploads\/2019\/10\/finansavisen-norge-9.-februar-2015.pdf\" target=\"_blank\" rel=\"noopener\">Arcus buys Swedish Akvavit<\/a><br \/><em>Norska Finansavisen (2015-02-09)<\/em><\/p>\n<p><a href=\"https:\/\/www.dn.no\/gammel-dansk-blir-na-norsk\/1-1-5061963\" target=\"_blank\" rel=\"noopener\">Old Danish now becomes Norwegian<\/a><br \/><em>Dagens N\u00e6ringsliv (2014-03-14)<\/em><\/p>\n<p><a href=\"http:\/\/www.mynewsdesk.com\/se\/arcus\/pressreleases\/femtonde-aaret-med-omsaettningstillvaext-nytt-rekordresultat-964914\" target=\"_blank\" rel=\"noopener\">Fifteenth year of revenue growth for the Arcus Group \u2013 new record result<\/a><br \/><em>Press release, Arcus Group (2014-02-24)<\/em><\/p>\n<p><a title=\"Finansavisen Norway February 21, 2014\" href=\"https:\/\/ottodrakenberg.se\/wp-content\/uploads\/2019\/10\/finansavisen-norge-21-februari-2014.pdf\" target=\"_blank\" rel=\"noopener\">Strongly improved profitability in the Arcus Group<\/a><br \/><em>Norska Finansavisen (2014-02-21)<\/em><\/p>\n<p><a href=\"https:\/\/web.archive.org\/web\/20160223035859\/http:\/\/borsforum.svd.se\/topic\/967-vin-och-sprit-p%C3%A5-b%C3%B6rsen\/?hl=arcus\" target=\"_blank\" rel=\"noopener\">Otto Drakenberg in Svenska Dagbladet about the Arcus Group&#8217;s success<\/a><br \/><em>Swedish Daily (2014-02-20)<\/em><\/p>\n<p><a title=\"Finansavisen Norway November 30, 2013 Ottoprofile 1\" href=\"https:\/\/ottodrakenberg.se\/wp-content\/uploads\/2019\/10\/finansavisen-norge-30-november-2013-ottoprofil-1.pdf\" target=\"_blank\" rel=\"noopener\">Article from the IPO of the Arcus Group<\/a><br \/><em>Norska Finansavisen (2013-11-30)<\/em><\/p>\n<p><a href=\"https:\/\/www.foretagstidning.se\/mat-dryck\/kanelwhisky-gor-succe\/\" target=\"_blank\" rel=\"noopener\">Cinnamon whiskey is a hit<\/a><br \/><em>The company magazine (10\/15\/2013)<\/em><\/p>\n<p><a href=\"https:\/\/web.archive.org\/web\/20130818081729\/https:\/\/www.ratos.se\/Innehaven-index\/Arcus\/\" target=\"_blank\" rel=\"noopener\">The Arcus Group achieved an annual turnover of more than 200 million Euro during Otto Drakenberg&#8217;s time<\/a><br \/><em>Half-year report, Ratos website (2013-08-15)<\/em><\/p>\n<p><a title=\"Klassekampen - paper edition Aug. 15. 13page 11\" href=\"https:\/\/ottodrakenberg.se\/wp-content\/uploads\/2019\/10\/klassekampen-papirutgaven-15.-aug.-13side-11.pdf\" target=\"_blank\" rel=\"noopener\">Otto Drakenberg fights for profitability in Vectura<\/a><br \/><em>Norwegian Klassekampen (2013-08-15)<\/em><\/p>\n<p><a href=\"https:\/\/ottodrakenberg.se\/wp-content\/uploads\/2021\/05\/2013-08-09_Dagens_Naeringsliv_09-08-13_print-1.pdf\" target=\"_blank\" rel=\"noopener\">Accused of suppressing the union<\/a><br \/><em>Norska Dagens N\u00e4ringsliv (2013-08-09)<\/em><\/p>\n<p><a href=\"https:\/\/www.svd.se\/norrmannen-som-ar-storst-pa-vin-i-sverige\" target=\"_blank\" rel=\"noopener\">The Norwegian who is the biggest in wine in Sweden<\/a><br \/><em>Swedish Daily (2013-08-01)<\/em><\/p>\n<p><a href=\"http:\/\/ottodrakenberg.se\/borsen-2013-02-16\/\" target=\"_blank\" rel=\"noopener\">Strengthens on spirits<\/a><br \/><em>B\u00f8rsen (2013-02-16)<\/em><\/p>\n<p><a title=\"2013-02-16-fv-1\" href=\"https:\/\/ottodrakenberg.se\/wp-content\/uploads\/2019\/12\/2013-02-16-fv-1.pdf\" target=\"_blank\" rel=\"noopener\">Strengthens strength on spirits, page 1<\/a><br \/><a title=\"2013-02-16-fv-2\" href=\"https:\/\/ottodrakenberg.se\/wp-content\/uploads\/2019\/12\/2013-02-16-fv-2.pdf\" target=\"_blank\" rel=\"noopener\">Strengthens strength on spirits, page 2<\/a><br \/><em>Financial World (2013-02-16)<\/em><\/p>\n<p><a title=\"B\u00f8rsen 2013-01-08\" href=\"https:\/\/ottodrakenberg.se\/wp-content\/uploads\/2020\/04\/bc3b8rsen-2013-01-08.pdf\" target=\"_blank\" rel=\"noopener\">Ny ejer wil genrejse Danish spritklenodies<\/a><br \/><em>B\u00f8rsen (2013-01-08)<\/em><\/p>\n<p><a href=\"\/\/www.di.se\/artiklar\/2013\/1\/2\/sprit-starker-ratos-portfolj\/\" target=\"_blank\" rel=\"noopener\">Spirits strengthen rato&#8217;s portfolio<\/a><br \/><em>Today&#8217;s Industry (2013-01-07)<\/em><\/p>\n<p><a href=\"https:\/\/www.realtid.se\/ratosagda-arcus-koper-nordiska-spritvarumarken\" target=\"_blank\" rel=\"noopener\">Arcus buys brands<\/a><br \/><em>Svenska Dagbladet, Business (2012-07-13)<\/em><\/p>\n<p><a href=\"https:\/\/web.archive.org\/web\/20140117022411\/http:\/\/www.arcus.no\/sv\/konsern\/Organisasjon-og-ledelse\/Konsernledelsen\/\" target=\"_blank\" rel=\"noopener\">CEO Otto Drakenberg for the Arcus Group 2011-2015<\/a><br \/><em>Presentation by group management, Arcus Group&#8217;s website<\/em><\/p>\n<p><a title=\"New beer sorting to boost sales\" href=\"https:\/\/ottodrakenberg.se\/wp-content\/uploads\/2020\/04\/ny-occ88lsortering-ska-occ88ka-focc88rsacc88ljningen.pdf\" target=\"_blank\" rel=\"noopener\">New beer sorting should increase sales<\/a><br \/><em>Free trade (2010-04-24)<\/em><\/p>\n<p><a href=\"https:\/\/www.hd.se\/2010-04-14\/ramlosa-sinade-i-miljodebatten\">Raml\u00f6sa ended in the environmental debate<\/a><br \/><em>Helsingborgs Dagblad (2010-04-14)<\/em><\/p>\n<p><a title=\"\"Musten is a Swedish story\" - DN.SE\" href=\"https:\/\/ottodrakenberg.se\/wp-content\/uploads\/2020\/04\/e2809dmusten-acc88r-en-svensk-historiae2809d-dn.se_.pdf\">&#8220;Musten is a Swedish story&#8221; &#8211; DN.SE<\/a><br \/><em>Today&#8217;s News (2010-03-31)<\/em><\/p>\n<p><a href=\"https:\/\/www.hn.se\/nyheter\/falkenberg\/b%C3%A4sta-%C3%A5ret-f%C3%B6r-carlsberg-sverige-1.3346793\">Best year for Carlsberg Sweden during Otto Drakenberg&#8217;s time<\/a><br \/><em>Halland&#8217;s News (2010-03-02)<\/em><\/p>\n<p><a title=\"2010-02-26-fk\" href=\"https:\/\/ottodrakenberg.se\/wp-content\/uploads\/2019\/12\/2010-02-26-fk.pdf\">Carlsberg increases profits &#8211; going strong in Sweden<\/a><br \/><em>Free Trade (2010-02-26)<\/em><\/p>\n<p><a href=\"https:\/\/ottodrakenberg.se\/wp-content\/uploads\/2020\/07\/2010-02-28-in.pdf\">Record results for Carlsberg Sweden<\/a><br \/><em>Ica News (2010-02-26)<\/em><\/p>\n<p><a title=\"2010-02-25-fk\" href=\"https:\/\/ottodrakenberg.se\/wp-content\/uploads\/2019\/12\/2010-02-25-fk.pdf\">Record for Carlsberg Sweden<\/a><br \/><em>Free Trade (2010-02-25)<\/em><\/p>\n<p><a title=\"2010-02-25\" href=\"https:\/\/ottodrakenberg.se\/wp-content\/uploads\/2019\/12\/2010-02-25-1.pdf\">The Swedes choose more expensive beer in the pub<\/a><br \/><em>Today&#8217;s News (2010-02-25)<\/em><\/p>\n<p><a href=\"http:\/\/www.mynewsdesk.com\/se\/carlsberg_sverige_ab__\/pressreleases\/rekordresultat-foer-carlsberg-sverige-376604\">Record results for Carlsberg Sweden<\/a><br \/><em>Press release, Carlsberg Sweden (2010-02-15)<\/em><\/p>\n<p><a title=\"2010-01-29-fk\" href=\"https:\/\/ottodrakenberg.se\/wp-content\/uploads\/2019\/12\/2010-01-29-fk.pdf\" target=\"_blank\" rel=\"noopener\">2009 &#8211; good year for the breweries<\/a><br \/><em>Free Trade (2010-01-29)<\/em><\/p>\n<p><a href=\"https:\/\/ottodrakenberg.se\/wp-content\/uploads\/2020\/07\/2010-01-20-upi.pdf\">Students demand beer pipeline<\/a><br \/><em>United Press International (2010-01-20<\/em><em>)<\/em><\/p>\n<p><a href=\"https:\/\/ottodrakenberg.se\/wp-content\/uploads\/2020\/07\/2010-01-20-gp.pdf\">New requirements for the beer pipeline<\/a><br \/><em>Gothenburg Post (2010-01-20)<\/em><\/p>\n<p><a title=\"2010-01-20-hn\" href=\"https:\/\/ottodrakenberg.se\/wp-content\/uploads\/2020\/07\/2010-01-20-hn.pdf\" target=\"_blank\" rel=\"noopener\">The brewery is building a pipeline to Chalmers<\/a><br \/><em>Halland&#8217;s News (2010-01-20)<\/em><\/p>\n<p><a href=\"https:\/\/www.gp.se\/nyheter\/g%C3%B6teborg\/chalmerister-stormar-bryggeri-1.980353\" target=\"_blank\" rel=\"noopener\">Chalmerister storms brewery<\/a><br \/><em>Gothenburg Post (2010-01-19)<\/em><\/p>\n<p><a title=\"2009-09-25-ab\" href=\"https:\/\/ottodrakenberg.se\/wp-content\/uploads\/2019\/12\/2009-09-25-ab.pdf\" target=\"_blank\" rel=\"noopener\">Blogs bring profitability<\/a><br \/><em>Aftonbladet (2009-09-25)<\/em><\/p>\n<p><a title=\"2009-09-21-Day-1\" href=\"https:\/\/ottodrakenberg.se\/wp-content\/uploads\/2019\/12\/2009-09-21-di-1.pdf\" target=\"_blank\" rel=\"noopener\">Carlsberg CEO believes in the blog, page 1<\/a><br \/><a title=\"2009-09-21-Day-2\" href=\"https:\/\/ottodrakenberg.se\/wp-content\/uploads\/2019\/12\/2009-09-21-di-2.pdf\" target=\"_blank\" rel=\"noopener\">Carlsberg CEO believes in the blog, page 2<\/a><br \/><em>Today&#8217;s Industry (2009-09-21)<\/em><\/p>\n<p><a title=\"2009-04-24-fk\" href=\"https:\/\/ottodrakenberg.se\/wp-content\/uploads\/2019\/12\/2009-04-24-fk.pdf\" target=\"_blank\" rel=\"noopener\">New beer sorting should increase sales<\/a><br \/><em>Free Trade (2009-04-24)<\/em><\/p>\n<p><a title=\"2009 could be a record year for Easter mustard\" href=\"https:\/\/ottodrakenberg.se\/wp-content\/uploads\/2019\/11\/2009-04-08_dn_-1.pdf\" target=\"_blank\" rel=\"noopener\">2009 could be a record year for Easter must<\/a><br \/><em>Today&#8217;s News (2009-04-08)<\/em><\/p>\n<p><a href=\"https:\/\/ottodrakenberg.se\/wp-content\/uploads\/2020\/07\/2009-02-20-fk.pdf\">Carlsberg must fight its way out of the downturn<\/a><br \/><em>Free Trade (2009-02-20)<\/em><\/p>\n<p><a title=\"SvD 2009-02-19\" href=\"https:\/\/ottodrakenberg.se\/wp-content\/uploads\/2020\/04\/svd-2009-02-19.pdf\" target=\"_blank\" rel=\"noopener\">How thirsty were we last year?<\/a><br \/><em>Swedish Daily (2009-02-19)<\/em><\/p>\n<p><a title=\"0000-00-00\" href=\"https:\/\/ottodrakenberg.se\/wp-content\/uploads\/2019\/12\/0000-00-00-di.pdf\" target=\"_blank\" rel=\"noopener\">Christmas beer quenches more and more thirst<\/a><br \/><em>Today&#8217;s Industry (2008-12-23)<\/em><\/p>\n<p><a href=\"https:\/\/ottodrakenberg.se\/wp-content\/uploads\/2020\/07\/2008-09-09-di-1.pdf\">This is how Carlsberg cuts the electricity bill<\/a><br \/><em>Today&#8217;s Industry (2008-09-09)<\/em><\/p>\n<p><a href=\"https:\/\/www.dn.se\/sthlm\/bryggerier-ger-lan-till-krogarna\/\" target=\"_blank\" rel=\"noopener\">Breweries give loans to restaurants<\/a><br \/><em>Today&#8217;s News (2008-07-06)<\/em><\/p>\n<p><a title=\"2008-06-19-real time\" href=\"https:\/\/ottodrakenberg.se\/wp-content\/uploads\/2020\/07\/2008-06-19-realtid.pdf\" target=\"_blank\" rel=\"noopener\">Carlsberg misses the quarter-finals<\/a><br \/><em>Realtid.se (2008-06-19)<\/em><\/p>\n<p><a href=\"https:\/\/www.expressen.se\/nyheter\/bars-tillbaka-till-sverige\/\" target=\"_blank\" rel=\"noopener\">Carried back to Sweden<\/a><br \/><em>Expressen-GT (2008-06-08)<\/em><\/p>\n<p><a href=\"https:\/\/www.expressen.se\/nyheter\/olet-tar-en-omvag\/\" target=\"_blank\" rel=\"noopener\">The beer takes a detour<\/a><br \/><em>The Express (2008-06-07)<\/em><\/p>\n<p><a href=\"https:\/\/ottodrakenberg.se\/wp-content\/uploads\/2020\/07\/2008-04-04-fn.pdf\">Hard pressure on increased beer prices<\/a><br \/><em>Finnish Newspaper (2008-06-04)<\/em><\/p>\n<p><a title=\"DI 2008-06-02\" href=\"https:\/\/ottodrakenberg.se\/wp-content\/uploads\/2020\/04\/di-2008-06-02.pdf\" target=\"_blank\" rel=\"noopener\">Pressed giant raises the price of beer<\/a><br \/><em>Today&#8217;s Industry (2008-06-02)<\/em><\/p>\n<p><a href=\"https:\/\/ottodrakenberg.se\/wp-content\/uploads\/2020\/07\/2008-05-bb.pdf\">Carlsberg&#8217;s new CEO informs about the beverage market<\/a><br \/><em>Petrol &amp; Shop (2008-05)<\/em><\/p>\n<p><a href=\"https:\/\/ottodrakenberg.se\/wp-content\/uploads\/2020\/07\/2008-04-restauratoren.pdf\">New beer boss teaches restaurants to charge<\/a><br \/><em>The Restaurateur (2008-04)<\/em><\/p>\n<p><a href=\"https:\/\/ottodrakenberg.se\/hallands_nyheter_2008-03-07\/\" target=\"_blank\" rel=\"noopener\">The beer giant&#8217;s new CEO will make the staff feel better<\/a><br \/><em>Halland&#8217;s News (2008-03-07)<\/em><\/p>\n<p><a href=\"https:\/\/www.hd.se\/2008-02-23\/vill-bli-europas-ledande-vattenproducent\" target=\"_blank\" rel=\"noopener\">Raml\u00f6sa wants to become Europe&#8217;s leading water producer<\/a><br \/><em>H\u00e4lsingborgs Dagblad (2008-02-23)<\/em><\/p>\n<p><a title=\"2008-ServHandl\" href=\"https:\/\/ottodrakenberg.se\/wp-content\/uploads\/2019\/12\/2008-servhandl.pdf\" target=\"_blank\" rel=\"noopener\">Taste and added value keywords for spring beverage news, page 1<\/a><br \/><a title=\"2008-ServHandl-2\" href=\"https:\/\/ottodrakenberg.se\/wp-content\/uploads\/2019\/12\/2008-servhandl-2.pdf\" target=\"_blank\" rel=\"noopener\">Taste and added value keywords for spring beverage news, page 2<\/a><br \/><em>The service dealer (No. 3, 2008)<\/em><\/p>\n<p><a title=\"2007-NewsAboutCar\" href=\"https:\/\/ottodrakenberg.se\/wp-content\/uploads\/2019\/12\/2007-nyttombil-1.pdf\" target=\"_blank\" rel=\"noopener\">A year of innovation<\/a><br \/><em>News About Car (2007)<\/em><\/p>\n<p><a href=\"http:\/\/www.bilnorge.no\/artikkel.php?aid=22094\" target=\"_blank\" rel=\"noopener\">New Goodyear and Dunlop manager in the Nordics<\/a><br \/><em>BilNorge.no (2004-02-02)<\/em><\/p>\n<p><a href=\"https:\/\/ottodrakenberg.se\/wp-content\/uploads\/2013\/08\/med-anahita-runt-fastnet-rock.pdf\" target=\"_blank\" rel=\"noopener\">With Anahita Around Fastnet Rock<\/a><br \/><em>Book (1996-04)<\/em><\/p>\n<p><a title=\"1990-03-12-GP\" href=\"https:\/\/ottodrakenberg.se\/wp-content\/uploads\/2021\/04\/Lyckad-stot-for-otto-1.png\" target=\"_blank\" rel=\"noopener\">Successful push for Otto<\/a><br \/><em>Gothenburg Post (1990-03-12)<\/em><\/p>\n<p><a href=\"https:\/\/ottodrakenberg.se\/wp-content\/uploads\/2020\/07\/1988-08-07-ssd.pdf\">In Grandpa Han&#8217;s footsteps towards new Olympic medals<\/a><br \/><em>Sydsvenska Dagbladet (1988-08-07)<\/em><\/p>\n<p><a href=\"https:\/\/ottodrakenberg.se\/skanska-dagbladet-1988-08-05\/\" target=\"_blank\" rel=\"noopener\">Four already ready for the Olympics in Sweden<\/a><br \/><em>Sk\u00e5nska Dagbladet (1988-08-05)<\/em><\/p>\n<p><a href=\"https:\/\/ottodrakenberg.se\/wp-content\/uploads\/2019\/09\/sm-vc3a4rja-herrar-lag-fc3a4ktning-online.pdf\" target=\"_blank\" rel=\"noopener\">SM in fencing for men, fencing<\/a><br \/><em>Result list, fencing.se<\/em><\/p>\n<p><a href=\"https:\/\/ottodrakenberg.se\/wp-content\/uploads\/2019\/09\/otto-drakenberg-sveriges-olympiska-kommittc3a9.pdf\" target=\"_blank\" rel=\"noopener\">Otto Drakenberg came together with the national fencing team in fourth place in the WC and an eighth place in the Olympics in 1988<\/a><br \/><em>Swedish Olympic Committee, sok.se<\/em><\/p>\n","protected":false},"excerpt":{"rendered":"<p>Otto Drakenberg&#8217;s handover to the new CEO at Arcus-Gruppen Norska Finansavisen (2015-09-12) Otto Drakenberg in third place in the Fastnet Race Royal Swedish Sailing Society (2015-08-21) About Otto Drakenberg&#8217;s results as CEO at Arcus-Gruppen Norska Finansavisen (2015 -05-20) Otto Drakenberg&#8217;s resignation from Arcus-Gruppen as CEO Avanza (2015-05-19) Sixteenth consecutive year of revenue growth for Arcus-Gruppen Press release (2015-05-05) About Arcus-Gruppen&#8217;s results [&#8230;]<\/p>\n","protected":false},"author":2,"featured_media":0,"parent":0,"menu_order":0,"comment_status":"closed","ping_status":"closed","template":"","meta":{"footnotes":""},"class_list":["post-1614","page","type-page","status-publish","hentry"],"yoast_head":"<!-- This site is optimized with the Yoast SEO plugin v27.5 - https:\/\/yoast.com\/product\/yoast-seo-wordpress\/ -->\n<title>Press clippings and links - Otto Drakenberg<\/title>\n<meta name=\"robots\" content=\"index, follow, max-snippet:-1, max-image-preview:large, max-video-preview:-1\" \/>\n<link rel=\"canonical\" href=\"https:\/\/ottodrakenberg.se\/en\/press-clippings-and-links\/\" \/>\n<meta property=\"og:locale\" content=\"en_US\" \/>\n<meta property=\"og:type\" content=\"article\" \/>\n<meta property=\"og:title\" content=\"Press clippings and links - Otto Drakenberg\" \/>\n<meta property=\"og:description\" content=\"Otto Drakenberg&#039;s handover to the new CEO at Arcus-Gruppen Norska Finansavisen (2015-09-12) Otto Drakenberg in third place in the Fastnet Race Royal Swedish Sailing Society (2015-08-21) About Otto Drakenberg&#039;s results as CEO at Arcus-Gruppen Norska Finansavisen (2015 -05-20) Otto Drakenberg&#039;s resignation from Arcus-Gruppen as CEO Avanza (2015-05-19) Sixteenth consecutive year of revenue growth for Arcus-Gruppen Press release (2015-05-05) About Arcus-Gruppen&#039;s results [...]\" \/>\n<meta property=\"og:url\" content=\"https:\/\/ottodrakenberg.se\/en\/press-clippings-and-links\/\" \/>\n<meta property=\"og:site_name\" content=\"Otto Drakenberg\" \/>\n<meta property=\"article:modified_time\" content=\"2024-11-01T18:44:30+00:00\" \/>\n<meta name=\"twitter:card\" content=\"summary_large_image\" \/>\n<meta name=\"twitter:label1\" content=\"Est. reading time\" \/>\n\t<meta name=\"twitter:data1\" content=\"9 minutes\" \/>\n<script type=\"application\/ld+json\" class=\"yoast-schema-graph\">{\"@context\":\"https:\\\/\\\/schema.org\",\"@graph\":[{\"@type\":\"WebPage\",\"@id\":\"https:\\\/\\\/ottodrakenberg.se\\\/en\\\/press-clippings-and-links\\\/\",\"url\":\"https:\\\/\\\/ottodrakenberg.se\\\/en\\\/press-clippings-and-links\\\/\",\"name\":\"Press clippings and links - Otto Drakenberg\",\"isPartOf\":{\"@id\":\"https:\\\/\\\/ottodrakenberg.se\\\/en\\\/#website\"},\"datePublished\":\"2019-09-09T13:37:11+00:00\",\"dateModified\":\"2024-11-01T18:44:30+00:00\",\"breadcrumb\":{\"@id\":\"https:\\\/\\\/ottodrakenberg.se\\\/en\\\/press-clippings-and-links\\\/#breadcrumb\"},\"inLanguage\":\"en-US\",\"potentialAction\":[{\"@type\":\"ReadAction\",\"target\":[\"https:\\\/\\\/ottodrakenberg.se\\\/en\\\/press-clippings-and-links\\\/\"]}]},{\"@type\":\"BreadcrumbList\",\"@id\":\"https:\\\/\\\/ottodrakenberg.se\\\/en\\\/press-clippings-and-links\\\/#breadcrumb\",\"itemListElement\":[{\"@type\":\"ListItem\",\"position\":1,\"name\":\"Home\",\"item\":\"https:\\\/\\\/ottodrakenberg.se\\\/en\\\/\"},{\"@type\":\"ListItem\",\"position\":2,\"name\":\"Press clippings and links\"}]},{\"@type\":\"WebSite\",\"@id\":\"https:\\\/\\\/ottodrakenberg.se\\\/en\\\/#website\",\"url\":\"https:\\\/\\\/ottodrakenberg.se\\\/en\\\/\",\"name\":\"Otto Drakenberg\",\"description\":\"Swedish business professional\",\"publisher\":{\"@id\":\"https:\\\/\\\/ottodrakenberg.se\\\/en\\\/#\\\/schema\\\/person\\\/3f4c06b80cdd00b4033707d664b00ad5\"},\"potentialAction\":[{\"@type\":\"SearchAction\",\"target\":{\"@type\":\"EntryPoint\",\"urlTemplate\":\"https:\\\/\\\/ottodrakenberg.se\\\/en\\\/?s={search_term_string}\"},\"query-input\":{\"@type\":\"PropertyValueSpecification\",\"valueRequired\":true,\"valueName\":\"search_term_string\"}}],\"inLanguage\":\"en-US\"},{\"@type\":[\"Person\",\"Organization\"],\"@id\":\"https:\\\/\\\/ottodrakenberg.se\\\/en\\\/#\\\/schema\\\/person\\\/3f4c06b80cdd00b4033707d664b00ad5\",\"name\":\"Otto Drakenberg\",\"image\":{\"@type\":\"ImageObject\",\"inLanguage\":\"en-US\",\"@id\":\"https:\\\/\\\/secure.gravatar.com\\\/avatar\\\/41ee91475cfadb8b3f3dde94cc47629414cb8a9ed294b67213e53fc902e96a57?s=96&d=mm&r=g\",\"url\":\"https:\\\/\\\/secure.gravatar.com\\\/avatar\\\/41ee91475cfadb8b3f3dde94cc47629414cb8a9ed294b67213e53fc902e96a57?s=96&d=mm&r=g\",\"contentUrl\":\"https:\\\/\\\/secure.gravatar.com\\\/avatar\\\/41ee91475cfadb8b3f3dde94cc47629414cb8a9ed294b67213e53fc902e96a57?s=96&d=mm&r=g\",\"caption\":\"Otto Drakenberg\"},\"logo\":{\"@id\":\"https:\\\/\\\/secure.gravatar.com\\\/avatar\\\/41ee91475cfadb8b3f3dde94cc47629414cb8a9ed294b67213e53fc902e96a57?s=96&d=mm&r=g\"}}]}<\/script>\n<!-- \/ Yoast SEO plugin. -->","yoast_head_json":{"title":"Press clippings and links - Otto Drakenberg","robots":{"index":"index","follow":"follow","max-snippet":"max-snippet:-1","max-image-preview":"max-image-preview:large","max-video-preview":"max-video-preview:-1"},"canonical":"https:\/\/ottodrakenberg.se\/en\/press-clippings-and-links\/","og_locale":"en_US","og_type":"article","og_title":"Press clippings and links - Otto Drakenberg","og_description":"Otto Drakenberg's handover to the new CEO at Arcus-Gruppen Norska Finansavisen (2015-09-12) Otto Drakenberg in third place in the Fastnet Race Royal Swedish Sailing Society (2015-08-21) About Otto Drakenberg's results as CEO at Arcus-Gruppen Norska Finansavisen (2015 -05-20) Otto Drakenberg's resignation from Arcus-Gruppen as CEO Avanza (2015-05-19) Sixteenth consecutive year of revenue growth for Arcus-Gruppen Press release (2015-05-05) About Arcus-Gruppen's results [...]","og_url":"https:\/\/ottodrakenberg.se\/en\/press-clippings-and-links\/","og_site_name":"Otto Drakenberg","article_modified_time":"2024-11-01T18:44:30+00:00","twitter_card":"summary_large_image","twitter_misc":{"Est. reading time":"9 minutes"},"schema":{"@context":"https:\/\/schema.org","@graph":[{"@type":"WebPage","@id":"https:\/\/ottodrakenberg.se\/en\/press-clippings-and-links\/","url":"https:\/\/ottodrakenberg.se\/en\/press-clippings-and-links\/","name":"Press clippings and links - Otto Drakenberg","isPartOf":{"@id":"https:\/\/ottodrakenberg.se\/en\/#website"},"datePublished":"2019-09-09T13:37:11+00:00","dateModified":"2024-11-01T18:44:30+00:00","breadcrumb":{"@id":"https:\/\/ottodrakenberg.se\/en\/press-clippings-and-links\/#breadcrumb"},"inLanguage":"en-US","potentialAction":[{"@type":"ReadAction","target":["https:\/\/ottodrakenberg.se\/en\/press-clippings-and-links\/"]}]},{"@type":"BreadcrumbList","@id":"https:\/\/ottodrakenberg.se\/en\/press-clippings-and-links\/#breadcrumb","itemListElement":[{"@type":"ListItem","position":1,"name":"Home","item":"https:\/\/ottodrakenberg.se\/en\/"},{"@type":"ListItem","position":2,"name":"Press clippings and links"}]},{"@type":"WebSite","@id":"https:\/\/ottodrakenberg.se\/en\/#website","url":"https:\/\/ottodrakenberg.se\/en\/","name":"Otto Drakenberg","description":"Swedish business professional","publisher":{"@id":"https:\/\/ottodrakenberg.se\/en\/#\/schema\/person\/3f4c06b80cdd00b4033707d664b00ad5"},"potentialAction":[{"@type":"SearchAction","target":{"@type":"EntryPoint","urlTemplate":"https:\/\/ottodrakenberg.se\/en\/?s={search_term_string}"},"query-input":{"@type":"PropertyValueSpecification","valueRequired":true,"valueName":"search_term_string"}}],"inLanguage":"en-US"},{"@type":["Person","Organization"],"@id":"https:\/\/ottodrakenberg.se\/en\/#\/schema\/person\/3f4c06b80cdd00b4033707d664b00ad5","name":"Otto Drakenberg","image":{"@type":"ImageObject","inLanguage":"en-US","@id":"https:\/\/secure.gravatar.com\/avatar\/41ee91475cfadb8b3f3dde94cc47629414cb8a9ed294b67213e53fc902e96a57?s=96&d=mm&r=g","url":"https:\/\/secure.gravatar.com\/avatar\/41ee91475cfadb8b3f3dde94cc47629414cb8a9ed294b67213e53fc902e96a57?s=96&d=mm&r=g","contentUrl":"https:\/\/secure.gravatar.com\/avatar\/41ee91475cfadb8b3f3dde94cc47629414cb8a9ed294b67213e53fc902e96a57?s=96&d=mm&r=g","caption":"Otto Drakenberg"},"logo":{"@id":"https:\/\/secure.gravatar.com\/avatar\/41ee91475cfadb8b3f3dde94cc47629414cb8a9ed294b67213e53fc902e96a57?s=96&d=mm&r=g"}}]}},"jetpack_sharing_enabled":true,"_links":{"self":[{"href":"https:\/\/ottodrakenberg.se\/en\/wp-json\/wp\/v2\/pages\/1614","targetHints":{"allow":["GET"]}}],"collection":[{"href":"https:\/\/ottodrakenberg.se\/en\/wp-json\/wp\/v2\/pages"}],"about":[{"href":"https:\/\/ottodrakenberg.se\/en\/wp-json\/wp\/v2\/types\/page"}],"author":[{"embeddable":true,"href":"https:\/\/ottodrakenberg.se\/en\/wp-json\/wp\/v2\/users\/2"}],"replies":[{"embeddable":true,"href":"https:\/\/ottodrakenberg.se\/en\/wp-json\/wp\/v2\/comments?post=1614"}],"version-history":[{"count":1,"href":"https:\/\/ottodrakenberg.se\/en\/wp-json\/wp\/v2\/pages\/1614\/revisions"}],"predecessor-version":[{"id":1615,"href":"https:\/\/ottodrakenberg.se\/en\/wp-json\/wp\/v2\/pages\/1614\/revisions\/1615"}],"wp:attachment":[{"href":"https:\/\/ottodrakenberg.se\/en\/wp-json\/wp\/v2\/media?parent=1614"}],"curies":[{"name":"wp","href":"https:\/\/api.w.org\/{rel}","templated":true}]}}